{"id":2010,"date":"2025-04-28T14:13:50","date_gmt":"2025-04-28T12:13:50","guid":{"rendered":"http:\/\/jhrendelo2.hu\/?page_id=2010"},"modified":"2025-05-19T11:12:37","modified_gmt":"2025-05-19T09:12:37","slug":"hazirend","status":"publish","type":"page","link":"https:\/\/janoshalma-rendelo.hu\/?page_id=2010","title":{"rendered":"H\u00e1zirend"},"content":{"rendered":"\n\n\t<h4>Az Eg\u00e9szs\u00e9g\u00fcgyi K\u00f6zpont nyitva tart\u00e1sa, rendelkez\u00e9sre \u00e1ll\u00e1sa<\/h4>\nH\u00e9tf\u0151t\u0151l p\u00e9ntekig 7-\u00f3r\u00e1t\u00f3l 19-\u00f3r\u00e1ig. \u00c9jjel \u00e9s munkasz\u00fcneti napokon beteg el\u0151jegyz\u00e9si \u00fcgyelet \u00e9s betegfogad\u00e1s nincs.<br \/>\nAz Eg\u00e9szs\u00e9g\u00fcgyi K\u00f6zpont k\u00f6zponti telefonsz\u00e1ma: 06 77 502 950, 06 77 502 960.\n<h4>A Dolgoz\u00f3kra vonatkoz\u00f3 szab\u00e1lyok<\/h4>\n<p>A foglalkoztatott munkat\u00e1rsak k\u00f6telesek a sz\u00e1mukra el\u0151\u00edrt munkaid\u0151ben pontosan \u00e9s munk\u00e1ra k\u00e9sz \u00e1llapotban megjelenni. A v\u00e1ratlanul felmer\u00fcl\u0151, a munka felv\u00e9tel\u00e9t akad\u00e1lyoz\u00f3 esem\u00e9nyt \/ betegs\u00e9g, egy\u00e9b \/ a munkat\u00e1rsak k\u00f6telesek aznap telefonon bejelenteni az int\u00e9zetvezet\u0151 f\u0151n\u0151v\u00e9rn\u00e9l. A munkav\u00e9gz\u00e9s ideje alatt az Eg\u00e9szs\u00e9g\u00fcgyi K\u00f6zpont \u00e1ltal biztos\u00edtott v\u00e9d\u0151ruha, \u00e9s a n\u00e9v \u00e9s beoszt\u00e1st tartalmaz\u00f3 kit\u0171z\u0151 visel\u00e9se k\u00f6telez\u0151. Az egyes munkak\u00f6r\u00f6kre a munkav\u00e9delem \u00e1ltal el\u0151\u00edrt v\u00e9d\u0151felszerel\u00e9s visel\u00e9se k\u00f6telez\u0151. A dolgoz\u00f3k k\u00f6telesek munkahely\u00fcket m\u00e9g id\u0151szakos t\u00e1voll\u00e9t eset\u00e9n is bez\u00e1rni. Az esetleges szem\u00e9lyzet n\u00e9lk\u00fcl \u00e9s nyitva maradt rendel\u00e9seken l\u00e9v\u0151 \u00e9rt\u00e9kt\u00e1rgyak\u00e9rt &#8211; a rendel\u0151 tulajdon\u00e1t k\u00e9pez\u0151k eset\u00e9ben is &#8211; a rendel\u0151ben dolgoz\u00f3 munkat\u00e1rsak anyagi \u00e9s fegyelmi felel\u0151ss\u00e9ggel tartoznak.<\/p>\n<h4>Szakrendel\u00e9sek rendel\u00e9si ideje<\/h4>\n<p>A k\u00f6vetkez\u0151 linken el\u00e9rhet\u0151ek:<\/p>\n<p><a href=\"\/?page_id=1965\">Szakrendel\u00e9sek megtekint\u00e9se<\/a><\/p>\n<h4>\u00dcgyeletek (s\u00fcrg\u0151s esetek sz\u00e1m\u00e1ra)<\/h4>\n\u00dcgyelet: 6440 J\u00e1noshalma, Arany J\u00e1nos utca 13. Telefon: 1830<br \/>\nIg\u00e9nybe vehet\u0151: munkanapokon . 16 \u00f3r\u00e1t\u00f3l &#8211; 22 \u00f3r\u00e1ig.\n<h4>Betegel\u0151jegyz\u00e9s<\/h4>\n<p>Munkanapokon 12 \u00f3r\u00e1s szolg\u00e1latot l\u00e1t el. Munkanapokon a telefonk\u00f6zpont kezel\u00e9se, a betegek szem\u00e9lyes ir\u00e1ny\u00edt\u00e1sa. A betegel\u0151jegyz\u00e9s szolg\u00e1lati hely\u00e9t csak szolg\u00e1lati okb\u00f3l \u00e9s helyettes biztos\u00edt\u00e1sa mellett hagyhatja el. A videokamera rendszer seg\u00edts\u00e9g\u00e9vel az \u00e9p\u00fclet k\u00f6z\u00f6ss\u00e9gi terein (folyos\u00f3k, l\u00e9pcs\u0151k, alagsor) t\u00f6rt\u00e9n\u0151 esem\u00e9nyek megfigyel\u00e9se, sz\u00fcks\u00e9g eset\u00e9n int\u00e9zked\u00e9s megt\u00e9tele. Rendk\u00edv\u00fcli esem\u00e9ny eset\u00e9n a recepci\u00f3s a gazdas\u00e1gi menedzser\u00e9t, az int\u00e9zetvezet\u0151 f\u0151n\u0151v\u00e9rt \u00e9rtes\u00edti. Az esetleg sz\u00fcks\u00e9gess\u00e9 v\u00e1l\u00f3 int\u00e9zked\u00e9seket (t\u0171zolt\u00f3s\u00e1g vagy rend\u0151rs\u00e9g riaszt\u00e1sa) azonnal megteszi.<\/p>\n<h4>A betegek vizsg\u00e1latra jelentkez\u00e9se<\/h4>\n<p>Vizsg\u00e1latra jelentkez\u00e9s a szem\u00e9lyi igazolv\u00e1ny \u00e9s a TAJ k\u00e1rtya, valamint a beutal\u00f3 k\u00f6teles rendel\u00e9sek eset\u00e9n- a beutal\u00f3- lead\u00e1s\u00e1val t\u00f6rt\u00e9nik a K\u00f6zponti Betegel\u0151jegyz\u00e9sen. A k\u00f6telez\u0151 eg\u00e9szs\u00e9gbiztos\u00edt\u00e1s ell\u00e1t\u00e1sair\u00f3l sz\u00f3l\u00f3 1997. \u00e9vi LXXXIII. t\u00f6rv\u00e9ny \u00e9s a v\u00e9grehajt\u00e1s\u00e1ra kiadott 217\/1997. (XII. 1.) korm\u00e1nyrendelet alapj\u00e1n a j\u00e1r\u00f3beteg szakell\u00e1t\u00e1sban beutal\u00f3 n\u00e9lk\u00fcl ig\u00e9nybe vehet\u0151 szakrendel\u00e9sek a k\u00f6vetkez\u0151k:<\/p>\n<p><a href=\"\/?page_id=1965\">Szakrendel\u00e9sek megtekint\u00e9se<\/a><\/p>\n<p>Az Eg\u00e9szs\u00e9g\u00fcgyi K\u00f6zpont szakrendel\u00e9sei betegel\u0151jegyz\u00e9si rendszerben m\u0171k\u00f6dnek, ez\u00e9rt a rendel\u00e9sek ig\u00e9nybev\u00e9tele eset\u00e9n el\u0151zetes id\u0151pont k\u00e9r\u00e9se sz\u00fcks\u00e9ges. A vizsg\u00e1latra jelentkez\u0151k beh\u00edv\u00e1sa az el\u0151jegyz\u00e9s szerint t\u00f6rt\u00e9nik, kiv\u00e9ve az akut ell\u00e1t\u00e1st ig\u00e9nyl\u0151 betegeket. A vizsg\u00e1latokra soronk\u00edv\u00fclis\u00e9get kisgyermekkel \u00e9rkez\u0151k illetve az eg\u00e9szs\u00e9g\u00fcgyi dolgoz\u00f3k r\u00e9sz\u00e9re tudunk biztos\u00edtani.<\/p>\n<h4>K\u00fclf\u00f6ldi \u00e1llampolg\u00e1rok \u00e9s magyar biztos\u00edt\u00e1ssal nem rendelkez\u0151k felv\u00e9tele<\/h4>\n<p>Szem\u00e9lyazonoss\u00e1got, \u00e1llampolg\u00e1rs\u00e1got, a Magyarorsz\u00e1gon is \u00e9rv\u00e9nyes biztos\u00edt\u00e1st igazol\u00f3 iratok bemutat\u00e1s\u00e1val. Fizet\u00e9sk\u00f6teles betegek a &#8222;T\u00e9r\u00edt\u00e9si d\u00edj Szab\u00e1lyzatot&#8221; az ell\u00e1t\u00e1st v\u00e9gz\u0151 rendel\u00e9sen megtekinthetik. A rendel\u00e9sen ki\u00e1ll\u00edtott sz\u00e1ml\u00e1val a p\u00e9nzt\u00e1ri \u00f3r\u00e1k alatt a P\u00e9nzt\u00e1rban, azon t\u00fal a kijel\u00f6lt szakrendel\u00e9sen t\u00f6rt\u00e9nik a d\u00edj kiegyenl\u00edt\u00e9se. Fizet\u00e9sk\u00f6teles betegek a t\u00e9r\u00edt\u00e9si szab\u00e1lyzatot az ell\u00e1t\u00e1st v\u00e9gz\u0151 rendel\u00e9sen \u00e9s a betegel\u0151jegyz\u00e9sen is megtekinthetik.<\/p>\n<h4>Betegek v\u00e1rakoz\u00e1sa<\/h4>\n<p>Az \u00e9p\u00fclet minden szintj\u00e9n kell\u0151 sz\u00e1m\u00fa \u00fcl\u0151hely, valamint nemek szerinti WC helyis\u00e9g \u00e1ll rendelkez\u00e9sre. A mosd\u00f3 mozg\u00e1ss\u00e9r\u00fcltek r\u00e9sz\u00e9re k\u00f6nnyen megk\u00f6zel\u00edthet\u0151, mindk\u00e9t betegell\u00e1t\u00e1si szinten megtal\u00e1lhat\u00f3. A betegek \u00e9s a dolgoz\u00f3k az \u00e9p\u00fclet eg\u00e9sz ter\u00fclet\u00e9n gondosan \u00fcgyeljenek a tisztas\u00e1gra. Az \u00e9p\u00fclet eg\u00e9sz ter\u00fclet\u00e9n tilos a doh\u00e1nyz\u00e1s!<\/p>\n<h4>Takar\u00edt\u00e1s<\/h4>\n<p>Rendszeres takar\u00edt\u00e1s munkanapokon 7 &#8211; 19 \u00f3ra k\u00f6z\u00f6tt folyamatosan t\u00f6rt\u00e9nik.<\/p>\n<h4>Panasz, illetve \u00e9szrev\u00e9teli lehet\u0151s\u00e9g<\/h4>\n<p>Panaszk\u00f6nyv a betegel\u0151jegyz\u00e9si pultn\u00e1l rendelkez\u00e9sre \u00e1ll. Az int\u00e9zm\u00e9nyvezet\u0151 f\u0151n\u0151v\u00e9r az irod\u00e1n k\u00e9szs\u00e9ggel \u00e1ll rendelkez\u00e9sre munkanapokon 7-\u00f3r\u00e1t\u00f3l 15-\u00f3r\u00e1ig. A ter\u00fcleti Betegjogi K\u00e9pvisel\u0151 (el\u0151zetes id\u0151pont egyeztet\u00e9ssel) Dr. Krist\u00f3f Csaba (E-mail c\u00edme: <a href=\"mailto:csaba.kristof@ijb.emmi.gov.hu\">csaba.kristof@ijb.emmi.gov.hu<\/a>). Telefonsz\u00e1ma 06\/20-4899-612 melyen el\u00e9rhet\u0151 munkaid\u0151ben: h\u00e9tf\u0151t\u0151l-cs\u00fct\u00f6rt\u00f6kig 08:00 &#8211; 16:30 illetve p\u00e9nteken 08:00 &#8211; 14:00 \u00f3ra k\u00f6z\u00f6tt; Fogad\u00f3\u00f3ra id\u0151pontja: keddenk\u00e9nt telefonon el\u0151re egyeztetett id\u0151pontban; Fogad\u00f3\u00f3ra helye: B\u00e1cs-Kiskun Megyei K\u00f3rh\u00e1z Kecskem\u00e9t Ny\u00edri u. 38.<\/p>\n<p>Az irodai p\u00e9nzt\u00e1r nyitva tart\u00e1sa: h\u00e9tf\u0151t\u0151l &#8211; p\u00e9ntekig: 8-\u00f3r\u00e1t\u00f3l 17-\u00f3r\u00e1ig. Az Eg\u00e9szs\u00e9g\u00fcgyi K\u00f6zpont II. emeleti szem\u00e9lyzeti helyis\u00e9geiben csak az ott dolgoz\u00f3k, illetve az irod\u00e1ban a hivatalos \u00fcgyben oda\u00e9rkez\u0151k tart\u00f3zkodhatnak.<\/p>\n<h4>Textilrakt\u00e1r, text\u00edlia csere<\/h4>\n<p>Szennyes text\u00edlia lead\u00e1s: h\u00e9tf\u0151 11-\u00f3r\u00e1ig. Tiszta text\u00edlia \u00e1tv\u00e9tel: h\u00e9tf\u0151: 13-14 \u00f3ra.<\/p>\n<h4>Anyagv\u00e9telez\u00e9s, gy\u00f3gyszerig\u00e9nyl\u00e9s<\/h4>\n<p>Az anyagok ig\u00e9nyl\u00e9se havi rendszerben t\u00f6rt\u00e9nik, az int\u00e9zetvezet\u0151 f\u0151n\u0151v\u00e9r r\u00e9sz\u00e9re minden h\u00f3nap 05-ig leadott szakrendel\u00e9senk\u00e9nti ig\u00e9nyl\u00e9s alapj\u00e1n. Gy\u00f3gyszerig\u00e9nyl\u00e9s: havi rendszerben t\u00f6rt\u00e9nik, az int\u00e9zetvezet\u0151 f\u0151n\u0151v\u00e9r r\u00e9sz\u00e9re miden h\u00f3nap 05-ig leadott szakrendel\u00e9senk\u00e9nti ig\u00e9nyl\u00e9s alapj\u00e1n. Egyedi ig\u00e9nyek: a p\u00e9nz\u00fcgyi menedzsernek \u00edr\u00e1sban beny\u00fajtott ig\u00e9nyl\u00e9s alapj\u00e1n, a rendelkez\u00e9sre \u00e1ll\u00f3 keretek f\u00fcggv\u00e9ny\u00e9ben.<\/p>\n<h4>M\u0171szaki probl\u00e9m\u00e1k megold\u00e1sa<\/h4>\n<p>Saj\u00e1t er\u0151vel megoldhat\u00f3 jav\u00edt\u00e1sok lehet\u0151s\u00e9g szerinti legr\u00f6videbb id\u0151n bel\u00fcl elv\u00e9gz\u00e9sre ker\u00fclnek\/ anyagbeszerz\u00e9s id\u0151 ig\u00e9nye\/a k\u00fcls\u0151 szakember, illetve c\u00e9gek ig\u00e9nybev\u00e9teli ig\u00e9nye, a m\u0171k\u00f6d\u0151k\u00e9pess\u00e9g biztos\u00edt\u00e1sa, a rendelkez\u00e9sre \u00e1ll\u00f3 keretek szerint.<\/p>\n<h4>F\u0171t\u00e9si szolg\u00e1ltat\u00e1s rendje<\/h4>\n<p>A f\u0171t\u00e9si szezon okt\u00f3ber 15-t\u0151l \u00e1prilis 15-ig tart. Rendk\u00edv\u00fcli id\u0151j\u00e1r\u00e1s eset\u00e9n az \u00fcgyvezet\u0151 igazgat\u00f3 f\u0171t\u00e9st enged\u00e9lyezhet. A rendel\u0151ben a meleg v\u00edz szolg\u00e1ltat\u00e1s folyamatos.<\/p>\n<h4>Doh\u00e1nyz\u00e1sra vonatkoz\u00f3 szab\u00e1lyok<\/h4>\n<p>Az Int\u00e9zet eg\u00e9sz \u00e9p\u00fclet\u00e9ben tilos a doh\u00e1nyz\u00e1s! Doh\u00e1nyozni csak az \u00e9p\u00fclet gazdas\u00e1gi bej\u00e1rat\u00e1n\u00e1l, az utcai r\u00e9szen lehet.<\/p>\n\n","protected":false},"excerpt":{"rendered":"<div class=\"entry-summary\">\n<div class=\"entry-summary\">\nAz Eg\u00e9szs\u00e9g\u00fcgyi K\u00f6zpont nyitva tart\u00e1sa, rendelkez\u00e9sre \u00e1ll\u00e1sa H\u00e9tf\u0151t\u0151l p\u00e9ntekig 7-\u00f3r\u00e1t\u00f3l 19-\u00f3r\u00e1ig. \u00c9jjel \u00e9s munkasz\u00fcneti napokon beteg el\u0151jegyz\u00e9si \u00fcgyelet&hellip;\n<\/div>\n<div class=\"link-more\"><a href=\"https:\/\/janoshalma-rendelo.hu\/?page_id=2010\" class=\"more-link\">Continue reading<span class=\"screen-reader-text\"> &ldquo;H\u00e1zirend&rdquo;<\/span>&hellip;<\/a><\/div>\n<\/div>\n<div class=\"link-more\"><a href=\"https:\/\/janoshalma-rendelo.hu\/?page_id=2010\" class=\"more-link\">Continue reading<span class=\"screen-reader-text\"> &ldquo;H\u00e1zirend&rdquo;<\/span>&hellip;<\/a><\/div>\n","protected":false},"author":1,"featured_media":0,"parent":0,"menu_order":0,"comment_status":"closed","ping_status":"closed","template":"","meta":{"footnotes":""},"class_list":["post-2010","page","type-page","status-publish","hentry","entry"],"_links":{"self":[{"href":"https:\/\/janoshalma-rendelo.hu\/index.php?rest_route=\/wp\/v2\/pages\/2010","targetHints":{"allow":["GET"]}}],"collection":[{"href":"https:\/\/janoshalma-rendelo.hu\/index.php?rest_route=\/wp\/v2\/pages"}],"about":[{"href":"https:\/\/janoshalma-rendelo.hu\/index.php?rest_route=\/wp\/v2\/types\/page"}],"author":[{"embeddable":true,"href":"https:\/\/janoshalma-rendelo.hu\/index.php?rest_route=\/wp\/v2\/users\/1"}],"replies":[{"embeddable":true,"href":"https:\/\/janoshalma-rendelo.hu\/index.php?rest_route=%2Fwp%2Fv2%2Fcomments&post=2010"}],"version-history":[{"count":3,"href":"https:\/\/janoshalma-rendelo.hu\/index.php?rest_route=\/wp\/v2\/pages\/2010\/revisions"}],"predecessor-version":[{"id":2050,"href":"https:\/\/janoshalma-rendelo.hu\/index.php?rest_route=\/wp\/v2\/pages\/2010\/revisions\/2050"}],"wp:attachment":[{"href":"https:\/\/janoshalma-rendelo.hu\/index.php?rest_route=%2Fwp%2Fv2%2Fmedia&parent=2010"}],"curies":[{"name":"wp","href":"https:\/\/api.w.org\/{rel}","templated":true}]}}