{"id":1997,"date":"2025-04-28T13:59:12","date_gmt":"2025-04-28T11:59:12","guid":{"rendered":"http:\/\/jhrendelo2.hu\/?page_id=1997"},"modified":"2025-04-28T14:01:07","modified_gmt":"2025-04-28T12:01:07","slug":"tajekoztato-a-betegjogokrol","status":"publish","type":"page","link":"https:\/\/janoshalma-rendelo.hu\/?page_id=1997","title":{"rendered":"T\u00e1j\u00e9koztat\u00f3 a betegjogokr\u00f3l"},"content":{"rendered":"\n\n\t<p>A betegjogok nem jelentenek t\u00f6bbletet az Alkotm\u00e1nyban m\u00e1r benne foglalt alapjogokhoz k\u00e9pest. Megfogalmaz\u00e1suk azt tiszt\u00e1zza, hogyan \u00e9lhet alkotm\u00e1nyos jogaival a gy\u00f3gykezel\u00e9sre szorul\u00f3 magyar \u00e1llampolg\u00e1r az eg\u00e9szs\u00e9g\u00fcgyi ell\u00e1t\u00e1s speci\u00e1lis felt\u00e9telei k\u00f6z\u00f6tt.<\/p>\n<p>A t\u00f6rv\u00e9ny rendelkez\u00e9sei lehet\u0151s\u00e9get ny\u00fajtanak ahhoz, hogy a beteg az orvos partnere legyen gy\u00f3gy\u00edt\u00e1sa, ell\u00e1t\u00e1sa sor\u00e1n.<\/p>\n<p>Az 1997. \u00e9vi CLIV. t\u00f6rv\u00e9ny az eg\u00e9szs\u00e9g\u00fcgyr\u0151l az \u00e1gazatot \u00e9rint\u0151, szinte valamennyi l\u00e9nyeges k\u00e9rd\u00e9sben tartalmaz alaprendelkez\u00e9seket. A t\u00f6rv\u00e9nyt 1997 december\u00e9ben fogadta el a magyar Parlament, 1998 j\u00falius\u00e1t\u00f3l n\u00e9h\u00e1ny r\u00e9szlett\u0151l eltekintve hat\u00e1lyos.<\/p>\n<p><strong>A betegek jogai a k\u00f6vetkez\u0151k:<\/strong><\/p>\n\u2022\u00a0\u00a0\u00a0 Az eg\u00e9szs\u00e9g\u00fcgyi ell\u00e1t\u00e1shoz val\u00f3 jog<br \/>\n\u2022\u00a0\u00a0\u00a0 Az emberi m\u00e9lt\u00f3s\u00e1ghoz val\u00f3 jog<br \/>\n\u2022\u00a0\u00a0\u00a0 A kapcsolattart\u00e1s joga<br \/>\n\u2022\u00a0\u00a0\u00a0 Az int\u00e9zm\u00e9ny elhagy\u00e1s\u00e1nak joga<br \/>\n\u2022\u00a0\u00a0\u00a0 A t\u00e1j\u00e9koztat\u00e1shoz val\u00f3 jog<br \/>\n\u2022\u00a0\u00a0\u00a0 Az \u00f6nrendelkez\u00e9shez val\u00f3 jog<br \/>\n\u2022\u00a0\u00a0\u00a0 Az ell\u00e1t\u00e1s visszautas\u00edt\u00e1s\u00e1nak joga<br \/>\n\u2022\u00a0\u00a0\u00a0 Az eg\u00e9szs\u00e9g\u00fcgyi dokument\u00e1ci\u00f3 megismer\u00e9s\u00e9nek joga<br \/>\n\u2022\u00a0\u00a0\u00a0 Az orvosi titoktart\u00e1shoz val\u00f3 jog<br \/>\n\u2022\u00a0\u00a0\u00a0 Az orvosi kezel\u00e9ssel, ell\u00e1t\u00e1ssal kapcsolatos panasz kivizsg\u00e1l\u00e1s\u00e1nak joga\n<p><strong>Mit is jelentenek ezek a jogok?<\/strong><\/p>\n\u2022\u00a0\u00a0\u00a0 A betegnek mindenekel\u0151tt joga van az eg\u00e9szs\u00e9gi \u00e1llapota \u00e1ltal indokolt, megfelel\u0151, folyamatosan hozz\u00e1f\u00e9rhet\u0151 \u00e9s megk\u00fcl\u00f6nb\u00f6ztet\u00e9s n\u00e9lk\u00fcli eg\u00e9szs\u00e9g\u00fcgyi ell\u00e1t\u00e1shoz.<br \/>\n\u2022\u00a0\u00a0\u00a0 A beteg az emberi m\u00e9lt\u00f3s\u00e1g\u00e1hoz val\u00f3 joga alapj\u00e1n soha nem tekinthet\u0151 a gy\u00f3gy\u00edt\u00e1s puszta t\u00e1rgy\u00e1nak a betegell\u00e1t\u00e1s sor\u00e1n.<br \/>\n\u2022\u00a0\u00a0\u00a0 A k\u00f3rh\u00e1z nem z\u00e1rt int\u00e9zm\u00e9ny, a beteg hozz\u00e1tartoz\u00f3ival kapcsolatot tarthat, a l\u00e1togat\u00e1soknak csak az int\u00e9zm\u00e9ny felt\u00e9telei \u00e9s a betegt\u00e1rsak jogai szabnak hat\u00e1rt.<br \/>\n\u2022\u00a0\u00a0\u00a0 A beteg csak a t\u00f6rv\u00e9nyben meghat\u00e1rozott esetekben korl\u00e1tozhat\u00f3 az int\u00e9zm\u00e9ny elhagy\u00e1s\u00e1nak jog\u00e1ban.<br \/>\n\u2022\u00a0\u00a0\u00a0 Az \u00faj t\u00f6rv\u00e9ny r\u00e9szletesen megszabja a beteg sz\u00e1m\u00e1ra egy\u00e9nies\u00edtett form\u00e1ban ny\u00fajtand\u00f3 t\u00e1j\u00e9koztat\u00e1s tartalmi k\u00f6vetelm\u00e9nyeit \u00e9s m\u00f3dj\u00e1t.<br \/>\n\u2022\u00a0\u00a0\u00a0 Az \u00f6nrendelkez\u00e9si jog alapj\u00e1n a cselekv\u0151k\u00e9pes beteg maga d\u00f6nt az eg\u00e9szs\u00e9g\u00fcgyi beavatkoz\u00e1ssal \u00e9s ell\u00e1t\u00e1ssal kapcsolatos k\u00e9rd\u00e9sekben. Meghat\u00e1rozott t\u00f6rv\u00e9nyi felt\u00e9telekkel az \u00f6nrendelkez\u00e9si jog kiterjed az \u00e9letment\u0151 \u00e9s \u00e9letfenntart\u00f3 beavatkoz\u00e1sok visszautas\u00edt\u00e1s\u00e1ra is.<br \/>\n\u2022\u00a0\u00a0\u00a0 A betegnek joga van megismerni a r\u00f3la k\u00e9sz\u00fclt eg\u00e9szs\u00e9g\u00fcgyi dokument\u00e1ci\u00f3t, \u00e9s err\u0151l m\u00e1solatot k\u00e9sz\u00edthet, illetve bizonyos esetekben ezek kijav\u00edt\u00e1s\u00e1t is k\u00e9rheti.<br \/>\n\u2022\u00a0\u00a0\u00a0 A beteg jogosult arra, hogy eg\u00e9szs\u00e9g\u00fcgyi \u00e9s szem\u00e9lyes adatait csak az arra jogosulttal k\u00f6z\u00f6lj\u00e9k.<br \/>\n\u2022\u00a0\u00a0\u00a0 A felmer\u00fcl\u0151 panaszok \u00e9s jogvit\u00e1k megold\u00e1s\u00e1ban a beteget a betegjogi k\u00e9pvisel\u0151 \u00e9s a k\u00f6zvet\u00edt\u0151i tan\u00e1cs fogja seg\u00edteni.\n<p><strong>Amikor \u00d6n orvoshoz fordul, mit v\u00e1rhat el:<\/strong><\/p>\n\u2022\u00a0\u00a0\u00a0 Id\u0151ben megfelel\u0151 gy\u00f3gykezel\u00e9sben r\u00e9szes\u00fclj\u00f6n. Az orvosi vizsg\u00e1latok, beavatkoz\u00e1sok megfelel\u0151 k\u00f6r\u00fclm\u00e9nyek k\u00f6z\u00f6tt t\u00f6rt\u00e9njenek. \u00d6nt az eg\u00e9szs\u00e9gbiztos\u00edt\u00e1s rendszer\u00e9n bel\u00fcl megilleti az \u00e1llapot\u00e1nak megfelel\u0151, megk\u00fcl\u00f6nb\u00f6ztet\u00e9s n\u00e9lk\u00fcli ell\u00e1t\u00e1s, emberi m\u00e9lt\u00f3s\u00e1g\u00e1nak tisztelete az ell\u00e1t\u00e1s ig\u00e9nybev\u00e9tele sor\u00e1n, a t\u00e1j\u00e9koztat\u00e1shoz val\u00f3 jog, az int\u00e9zm\u00e9ny elhagy\u00e1s\u00e1nak joga, az ell\u00e1t\u00e1s visszautas\u00edt\u00e1s\u00e1nak joga. K\u00fcl\u00f6nb\u00f6z\u0151 jog\u00e9rv\u00e9nyes\u00edt\u00e9si eszk\u00f6z\u00f6k is rendelkez\u00e9sre \u00e1llnak.<br \/>\n\u2022\u00a0\u00a0\u00a0 Joga van k\u00e9rdezni, t\u00e1j\u00e9koz\u00f3dni az eg\u00e9szs\u00e9g\u00fcgyi beavatkoz\u00e1sok el\u0151tt, a gy\u00f3gykezel\u00e9s id\u0151artama alatt \u00e9s azut\u00e1n is.\n<p><strong>Mire j\u00f3 a t\u00e1j\u00e9koztat\u00e1s?<\/strong><\/p>\n\u2022\u00a0\u00a0\u00a0 Az \u00d6nben felmer\u00fcl\u0151 probl\u00e9m\u00e1kat ne \u00e9rezze kellemetlennek megfogalmazni m\u00e9g akkor se, ha \u00fagy \u00e9rzi nem pontosan, szakszavakkal mondja, hiszen az \u00d6n gy\u00f3gyul\u00e1s\u00e1t seg\u00edtheti el\u0151. \u00c9rdemes el?re k\u00e9sz\u00fclni az orvossal val\u00f3 tal\u00e1lkoz\u00e1sra, fogalmazza meg el\u0151re a k\u00e9rd\u00e9seit, ne sz\u00e9gyellje elmondani panaszait, f\u00e9lelmeit.<br \/>\n\u2022\u00a0\u00a0\u00a0 Igyekezzen megjegyezni, amit az orvos mond, k\u00e9rdezzen vissza, ha nem \u00e9rt valamit.\n\n","protected":false},"excerpt":{"rendered":"<div class=\"entry-summary\">\n<div class=\"entry-summary\">\nA betegjogok nem jelentenek t\u00f6bbletet az Alkotm\u00e1nyban m\u00e1r benne foglalt alapjogokhoz k\u00e9pest. Megfogalmaz\u00e1suk azt tiszt\u00e1zza, hogyan \u00e9lhet alkotm\u00e1nyos&hellip;\n<\/div>\n<div class=\"link-more\"><a href=\"https:\/\/janoshalma-rendelo.hu\/?page_id=1997\" class=\"more-link\">Continue reading<span class=\"screen-reader-text\"> &ldquo;T\u00e1j\u00e9koztat\u00f3 a betegjogokr\u00f3l&rdquo;<\/span>&hellip;<\/a><\/div>\n<\/div>\n<div class=\"link-more\"><a href=\"https:\/\/janoshalma-rendelo.hu\/?page_id=1997\" class=\"more-link\">Continue reading<span class=\"screen-reader-text\"> &ldquo;T\u00e1j\u00e9koztat\u00f3 a betegjogokr\u00f3l&rdquo;<\/span>&hellip;<\/a><\/div>\n","protected":false},"author":1,"featured_media":0,"parent":0,"menu_order":0,"comment_status":"closed","ping_status":"closed","template":"","meta":{"footnotes":""},"class_list":["post-1997","page","type-page","status-publish","hentry","entry"],"_links":{"self":[{"href":"https:\/\/janoshalma-rendelo.hu\/index.php?rest_route=\/wp\/v2\/pages\/1997","targetHints":{"allow":["GET"]}}],"collection":[{"href":"https:\/\/janoshalma-rendelo.hu\/index.php?rest_route=\/wp\/v2\/pages"}],"about":[{"href":"https:\/\/janoshalma-rendelo.hu\/index.php?rest_route=\/wp\/v2\/types\/page"}],"author":[{"embeddable":true,"href":"https:\/\/janoshalma-rendelo.hu\/index.php?rest_route=\/wp\/v2\/users\/1"}],"replies":[{"embeddable":true,"href":"https:\/\/janoshalma-rendelo.hu\/index.php?rest_route=%2Fwp%2Fv2%2Fcomments&post=1997"}],"version-history":[{"count":2,"href":"https:\/\/janoshalma-rendelo.hu\/index.php?rest_route=\/wp\/v2\/pages\/1997\/revisions"}],"predecessor-version":[{"id":2000,"href":"https:\/\/janoshalma-rendelo.hu\/index.php?rest_route=\/wp\/v2\/pages\/1997\/revisions\/2000"}],"wp:attachment":[{"href":"https:\/\/janoshalma-rendelo.hu\/index.php?rest_route=%2Fwp%2Fv2%2Fmedia&parent=1997"}],"curies":[{"name":"wp","href":"https:\/\/api.w.org\/{rel}","templated":true}]}}