{"id":1965,"date":"2025-04-01T12:54:18","date_gmt":"2025-04-01T10:54:18","guid":{"rendered":"http:\/\/jhrendelo2.hu\/?page_id=1965"},"modified":"2025-04-28T14:02:48","modified_gmt":"2025-04-28T12:02:48","slug":"szakrendelesek","status":"publish","type":"page","link":"https:\/\/janoshalma-rendelo.hu\/?page_id=1965","title":{"rendered":"Szakrendel\u00e9sek"},"content":{"rendered":"\n<div class=\"wm-accordion clearfix\" data-active=\"0\" data-mode=\"accordion\">\r\n<div class=\"wm-item wm-item-wrap\"><h3 class=\"wm-item-title\" data-tags=\"\" data-tag-names=\"\">Belgy\u00f3gy\u00e1szat<\/h3><div class=\"wm-item-content clearfix Belgygyszat\"><p><strong><em>Beutal\u00f3k\u00f6teles szakrendel\u00e9s<\/em><\/strong>K\u00e9rj\u00fck, a szakrendel\u00e9sre hozza mag\u00e1val kor\u00e1bbi leleteit!Id\u0151pontfoglal\u00e1s: 06-77\/502-950, 06-77\/502-960<\/p>\n<table>\n<thead>\n<tr>\n<td width=\"50%\">\n<h3><strong>Dr. Kir\u00e1ly Ibolya<\/strong><\/h3>\n<table>\n<tbody>\n<tr>\n<td>H\u00c9TF\u0150<\/td>\n<td>13:00-17:00<\/td>\n<\/tr>\n<tr>\n<td>KEDD<\/td>\n<td>7:00-13:00<\/td>\n<\/tr>\n<tr>\n<td>SZERDA<\/td>\n<td>7:00-17:00<\/td>\n<\/tr>\n<tr>\n<td>CS\u00dcT\u00d6RT\u00d6K<\/td>\n<td>Sz\u00fcnetel<\/td>\n<\/tr>\n<tr>\n<td>P\u00c9NTEK<\/td>\n<td>Sz\u00fcnetel<\/td>\n<\/tr>\n<tr>\n<td>SZOMBAT<\/td>\n<td>Z\u00c1RVA<\/td>\n<\/tr>\n<tr>\n<td>VAS\u00c1RNAP<\/td>\n<td>Z\u00c1RVA<\/td>\n<\/tr>\n<\/tbody>\n<\/table>\n<\/td>\n<td>\n<h3><strong>Dr. Kov\u00e1cs Tam\u00e1s<\/strong><\/h3>\n<table>\n<tbody>\n<tr>\n<td>H\u00c9TF\u0150<\/td>\n<td>Sz\u00fcnetel<\/td>\n<\/tr>\n<tr>\n<td>KEDD<\/td>\n<td>Sz\u00fcnetel<\/td>\n<\/tr>\n<tr>\n<td>SZERDA<\/td>\n<td>Sz\u00fcnetel<\/td>\n<\/tr>\n<tr>\n<td>CS\u00dcT\u00d6RT\u00d6K<\/td>\n<td>12:00-18:00<\/td>\n<\/tr>\n<tr>\n<td>P\u00c9NTEK<\/td>\n<td>Sz\u00fcnetel<\/td>\n<\/tr>\n<tr>\n<td>SZOMBAT<\/td>\n<td>Z\u00c1RVA<\/td>\n<\/tr>\n<tr>\n<td>VAS\u00c1RNAP<\/td>\n<td>Z\u00c1RVA<\/td>\n<\/tr>\n<\/tbody>\n<\/table>\n<\/td>\n<\/tr>\n<\/thead>\n<\/table>\n<p><em>Figyelem!<\/em><br \/><em>A szakrendel\u00e9s, rendezett t\u00e1rsadalombiztos\u00edt\u00e1si d\u00edj ellen\u00e9ben t\u00e9r\u00edt\u00e9smentesen vehet\u0151 ig\u00e9nybe! Amennyiben \u00d6n nem rendelkezik rendezett t\u00e1rsadalombiztos\u00edt\u00e1ssal, abban az esetben a szakrendel\u00e9s k\u00f6lts\u00e9geket von maga ut\u00e1n, melynek m\u00e9rt\u00e9k\u00e9r\u0151l a szakrendel\u00e9sen \u00e9rdekl\u0151dhet!<\/em><\/p>\n<\/div><\/div>\r\n\r\n<div class=\"wm-item wm-item-wrap\"><h3 class=\"wm-item-title\" data-tags=\"\" data-tag-names=\"\">B\u0151rgy\u00f3gy\u00e1szat<\/h3><div class=\"wm-item-content clearfix Brgygyszat\"><table>\n<thead>\n<tr>\n<td>\n<h3>\u00a0<\/h3>\n<h3><strong>JELENLEG INAKT\u00cdV SZAKRENDEL\u00c9S<\/strong><\/h3>\n<p>Id\u0151pontfoglal\u00e1s nem lehets\u00e9ges!<\/td>\n<td>\n<table>\n<tbody>\n<tr>\n<td>H\u00c9TF\u0150<\/td>\n<td>8:00-13:00<\/td>\n<\/tr>\n<tr>\n<td>KEDD<\/td>\n<td>Sz\u00fcnetel<\/td>\n<\/tr>\n<tr>\n<td>SZERDA<\/td>\n<td>Sz\u00fcnetel<\/td>\n<\/tr>\n<tr>\n<td>CS\u00dcT\u00d6RT\u00d6K<\/td>\n<td>Sz\u00fcnetel<\/td>\n<\/tr>\n<tr>\n<td>P\u00c9NTEK<\/td>\n<td>14:00-19:00<\/td>\n<\/tr>\n<tr>\n<td>SZOMBAT<\/td>\n<td>Z\u00c1RVA<\/td>\n<\/tr>\n<tr>\n<td>VAS\u00c1RNAP<\/td>\n<td>Z\u00c1RVA<\/td>\n<\/tr>\n<\/tbody>\n<\/table>\n<\/td>\n<\/tr>\n<\/thead>\n<\/table>\n<p><em>Figyelem!<\/em><br \/><em>A szakrendel\u00e9s, rendezett t\u00e1rsadalombiztos\u00edt\u00e1si d\u00edj ellen\u00e9ben t\u00e9r\u00edt\u00e9smentesen vehet\u0151 ig\u00e9nybe! Amennyiben \u00d6n nem rendelkezik rendezett t\u00e1rsadalombiztos\u00edt\u00e1ssal, abban az esetben a szakrendel\u00e9s k\u00f6lts\u00e9geket von maga ut\u00e1n, melynek m\u00e9rt\u00e9k\u00e9r\u0151l a szakrendel\u00e9sen \u00e9rdekl\u0151dhet!<\/em><\/p>\n<\/div><\/div>\r\n\r\n<div class=\"wm-item wm-item-wrap\"><h3 class=\"wm-item-title\" data-tags=\"\" data-tag-names=\"\">Csecsem\u0151 \u00e9s gyermekgy\u00f3gy\u00e1szat<\/h3><div class=\"wm-item-content clearfix Csecsemsgyermekgygyszat\"><p><strong><em>Beutal\u00f3k\u00f6teles szakrendel\u00e9s<\/em><\/strong>K\u00e9rj\u00fck, a szakrendel\u00e9sre hozza mag\u00e1val kor\u00e1bbi leleteit!Id\u0151pontfoglal\u00e1s: 06-77\/502-950, 06-77\/502-960<\/p>\n<table>\n<thead>\n<tr>\n<td width=\"50%\">\n<h3><strong>Dr. D\u00e9nes Enik\u0151<\/strong><\/h3>\n<table>\n<tbody>\n<tr>\n<td>H\u00c9TF\u0150<\/td>\n<td>08:30-09:00<\/td>\n<\/tr>\n<tr>\n<td>KEDD<\/td>\n<td>08:30-09:00<\/td>\n<\/tr>\n<tr>\n<td>SZERDA<\/td>\n<td>08:30-09:00<\/td>\n<\/tr>\n<tr>\n<td>CS\u00dcT\u00d6RT\u00d6K<\/td>\n<td>08:30-09:00<\/td>\n<\/tr>\n<tr>\n<td>P\u00c9NTEK<\/td>\n<td>08:30-09:00<\/td>\n<\/tr>\n<tr>\n<td>SZOMBAT<\/td>\n<td>Z\u00c1RVA<\/td>\n<\/tr>\n<tr>\n<td>VAS\u00c1RNAP<\/td>\n<td>Z\u00c1RVA<\/td>\n<\/tr>\n<\/tbody>\n<\/table>\n<\/td>\n<td>\n<h3><strong>Dr. Horv\u00e1th Katalin<\/strong><\/h3>\n<table>\n<tbody>\n<tr>\n<td>H\u00c9TF\u0150<\/td>\n<td>11:00-11:30<\/td>\n<\/tr>\n<tr>\n<td>KEDD<\/td>\n<td>10:30-11:00<\/td>\n<\/tr>\n<tr>\n<td>SZERDA<\/td>\n<td>11:00-11:30<\/td>\n<\/tr>\n<tr>\n<td>CS\u00dcT\u00d6RT\u00d6K<\/td>\n<td>10:30-11:00<\/td>\n<\/tr>\n<tr>\n<td>P\u00c9NTEK<\/td>\n<td>11:00-11:30<\/td>\n<\/tr>\n<tr>\n<td>SZOMBAT<\/td>\n<td>Z\u00c1RVA<\/td>\n<\/tr>\n<tr>\n<td>VAS\u00c1RNAP<\/td>\n<td>Z\u00c1RVA<\/td>\n<\/tr>\n<\/tbody>\n<\/table>\n<\/td>\n<\/tr>\n<\/thead>\n<\/table>\n<p><em>Figyelem!<\/em><br \/><em>A szakrendel\u00e9s, rendezett t\u00e1rsadalombiztos\u00edt\u00e1si d\u00edj ellen\u00e9ben t\u00e9r\u00edt\u00e9smentesen vehet\u0151 ig\u00e9nybe! Amennyiben \u00d6n nem rendelkezik rendezett t\u00e1rsadalombiztos\u00edt\u00e1ssal, abban az esetben a szakrendel\u00e9s k\u00f6lts\u00e9geket von maga ut\u00e1n, melynek m\u00e9rt\u00e9k\u00e9r\u0151l a szakrendel\u00e9sen \u00e9rdekl\u0151dhet!<\/em><\/p>\n<\/div><\/div>\r\n\r\n<div class=\"wm-item wm-item-wrap\"><h3 class=\"wm-item-title\" data-tags=\"\" data-tag-names=\"\">Endokrinol\u00f3gia, anyagcsere \u00e9s diabetol\u00f3gia<\/h3><div class=\"wm-item-content clearfix Endokrinolgiaanyagcseresdiabetolgia\"><table>\n<thead>\n<tr>\n<td>\n<h3>\u00a0<\/h3>\n<h3><strong>Dr. Kir\u00e1ly Ibolya<\/strong><\/h3>\n<p><strong><em>Beutal\u00f3k\u00f6teles szakrendel\u00e9s<\/em><\/strong>K\u00e9rj\u00fck, a szakrendel\u00e9sre hozza mag\u00e1val kor\u00e1bbi leleteit!Id\u0151pontfoglal\u00e1s: 06-77\/502-950, 06-77\/502-960<\/td>\n<td>\n<table>\n<tbody>\n<tr>\n<td>H\u00c9TF\u0150<\/td>\n<td>Sz\u00fcnetel<\/td>\n<\/tr>\n<tr>\n<td>KEDD<\/td>\n<td>Sz\u00fcnetel<\/td>\n<\/tr>\n<tr>\n<td>SZERDA<\/td>\n<td>Sz\u00fcnetel<\/td>\n<\/tr>\n<tr>\n<td>CS\u00dcT\u00d6RT\u00d6K<\/td>\n<td>Sz\u00fcnetel<\/td>\n<\/tr>\n<tr>\n<td>P\u00c9NTEK<\/td>\n<td>07:00-12:00<\/td>\n<\/tr>\n<tr>\n<td>SZOMBAT<\/td>\n<td>Z\u00c1RVA<\/td>\n<\/tr>\n<tr>\n<td>VAS\u00c1RNAP<\/td>\n<td>Z\u00c1RVA<\/td>\n<\/tr>\n<\/tbody>\n<\/table>\n<\/td>\n<\/tr>\n<\/thead>\n<\/table>\n<p><em>Figyelem!<\/em><br \/><em>A szakrendel\u00e9s, rendezett t\u00e1rsadalombiztos\u00edt\u00e1si d\u00edj ellen\u00e9ben t\u00e9r\u00edt\u00e9smentesen vehet\u0151 ig\u00e9nybe! Amennyiben \u00d6n nem rendelkezik rendezett t\u00e1rsadalombiztos\u00edt\u00e1ssal, abban az esetben a szakrendel\u00e9s k\u00f6lts\u00e9geket von maga ut\u00e1n, melynek m\u00e9rt\u00e9k\u00e9r\u0151l a szakrendel\u00e9sen \u00e9rdekl\u0151dhet!<\/em><\/p>\n<\/div><\/div>\r\n\r\n<div class=\"wm-item wm-item-wrap\"><h3 class=\"wm-item-title\" data-tags=\"\" data-tag-names=\"\">F\u00fcl-orr-g\u00e9g\u00e9szet<\/h3><div class=\"wm-item-content clearfix Fl-orr-ggszet\"><table>\n<thead>\n<tr>\n<td>\n<h3>\u00a0<\/h3>\n<h3><strong>JELENLEG INAKT\u00cdV SZAKRENDEL\u00c9S<\/strong><\/h3>\n<p>Id\u0151pontfoglal\u00e1s nem lehets\u00e9ges!<\/td>\n<td>\n<table>\n<tbody>\n<tr>\n<td>H\u00c9TF\u0150<\/td>\n<td>12:00-15:00<\/td>\n<\/tr>\n<tr>\n<td>KEDD<\/td>\n<td>12:00-16:00<br \/>(p\u00e1ros h\u00e9ten)<\/td>\n<\/tr>\n<tr>\n<td>SZERDA<\/td>\n<td>12:00-14:00<\/td>\n<\/tr>\n<tr>\n<td>CS\u00dcT\u00d6RT\u00d6K<\/td>\n<td>Sz\u00fcnetel<\/td>\n<\/tr>\n<tr>\n<td>P\u00c9NTEK<\/td>\n<td>Sz\u00fcnetel<\/td>\n<\/tr>\n<tr>\n<td>SZOMBAT<\/td>\n<td>Z\u00c1RVA<\/td>\n<\/tr>\n<tr>\n<td>VAS\u00c1RNAP<\/td>\n<td>Z\u00c1RVA<\/td>\n<\/tr>\n<\/tbody>\n<\/table>\n<\/td>\n<\/tr>\n<\/thead>\n<\/table>\n<p><em>Figyelem!<\/em><br \/><em>A szakrendel\u00e9s, rendezett t\u00e1rsadalombiztos\u00edt\u00e1si d\u00edj ellen\u00e9ben t\u00e9r\u00edt\u00e9smentesen vehet\u0151 ig\u00e9nybe! Amennyiben \u00d6n nem rendelkezik rendezett t\u00e1rsadalombiztos\u00edt\u00e1ssal, abban az esetben a szakrendel\u00e9s k\u00f6lts\u00e9geket von maga ut\u00e1n, melynek m\u00e9rt\u00e9k\u00e9r\u0151l a szakrendel\u00e9sen \u00e9rdekl\u0151dhet!<\/em><\/p>\n<\/div><\/div>\r\n\r\n<div class=\"wm-item wm-item-wrap\"><h3 class=\"wm-item-title\" data-tags=\"\" data-tag-names=\"\">Kardiol\u00f3gia<\/h3><div class=\"wm-item-content clearfix Kardiolgia\"><table>\n<thead>\n<tr>\n<td>\n<h3>\u00a0<\/h3>\n<h3><strong>JELENLEG INAKT\u00cdV SZAKRENDEL\u00c9S<\/strong><\/h3>\n<p>Id\u0151pontfoglal\u00e1s nem lehets\u00e9ges!<\/td>\n<td>\n<table>\n<tbody>\n<tr>\n<td>H\u00c9TF\u0150<\/td>\n<td>Sz\u00fcnetel<\/td>\n<\/tr>\n<tr>\n<td>KEDD<\/td>\n<td>16:00-21:00<\/td>\n<\/tr>\n<tr>\n<td>SZERDA<\/td>\n<td>Sz\u00fcnetel<\/td>\n<\/tr>\n<tr>\n<td>CS\u00dcT\u00d6RT\u00d6K<\/td>\n<td>Sz\u00fcnetel<\/td>\n<\/tr>\n<tr>\n<td>P\u00c9NTEK<\/td>\n<td>8:00-14:00<\/td>\n<\/tr>\n<tr>\n<td>SZOMBAT<\/td>\n<td>Z\u00c1RVA<\/td>\n<\/tr>\n<tr>\n<td>VAS\u00c1RNAP<\/td>\n<td>Z\u00c1RVA<\/td>\n<\/tr>\n<\/tbody>\n<\/table>\n<\/td>\n<\/tr>\n<\/thead>\n<\/table>\n<p><em>Figyelem!<\/em><br \/><em>A szakrendel\u00e9s, rendezett t\u00e1rsadalombiztos\u00edt\u00e1si d\u00edj ellen\u00e9ben t\u00e9r\u00edt\u00e9smentesen vehet\u0151 ig\u00e9nybe! Amennyiben \u00d6n nem rendelkezik rendezett t\u00e1rsadalombiztos\u00edt\u00e1ssal, abban az esetben a szakrendel\u00e9s k\u00f6lts\u00e9geket von maga ut\u00e1n, melynek m\u00e9rt\u00e9k\u00e9r\u0151l a szakrendel\u00e9sen \u00e9rdekl\u0151dhet!<\/em><\/p>\n<\/div><\/div>\r\n\r\n<div class=\"wm-item wm-item-wrap\"><h3 class=\"wm-item-title\" data-tags=\"\" data-tag-names=\"\">Labor<\/h3><div class=\"wm-item-content clearfix Labor\"><table>\n<thead>\n<tr>\n<td>\n<h3>\u00a0<\/h3>\n<p><strong><em>Beutal\u00f3k\u00f6teles szakrendel\u00e9s<\/em><\/strong>K\u00e9rj\u00fck, a szakrendel\u00e9sre hozza mag\u00e1val kor\u00e1bbi leleteit!Id\u0151pontfoglal\u00e1s: 06-77\/502-950, 06-77\/502-960<\/td>\n<td>\n<table>\n<tbody>\n<tr>\n<td>H\u00c9TF\u0150<\/td>\n<td>07:00-09:00<\/td>\n<\/tr>\n<tr>\n<td>KEDD<\/td>\n<td>07:00-09:00<\/td>\n<\/tr>\n<tr>\n<td>SZERDA<\/td>\n<td>07:00-09:00<\/td>\n<\/tr>\n<tr>\n<td>CS\u00dcT\u00d6RT\u00d6K<\/td>\n<td>Sz\u00fcnetel<\/td>\n<\/tr>\n<tr>\n<td>P\u00c9NTEK<\/td>\n<td>Sz\u00fcnetel<\/td>\n<\/tr>\n<tr>\n<td>SZOMBAT<\/td>\n<td>Z\u00c1RVA<\/td>\n<\/tr>\n<tr>\n<td>VAS\u00c1RNAP<\/td>\n<td>Z\u00c1RVA<\/td>\n<\/tr>\n<\/tbody>\n<\/table>\n<\/td>\n<\/tr>\n<\/thead>\n<\/table>\n<p><em>Figyelem!<\/em><br \/><em>A szakrendel\u00e9s, rendezett t\u00e1rsadalombiztos\u00edt\u00e1si d\u00edj ellen\u00e9ben t\u00e9r\u00edt\u00e9smentesen vehet\u0151 ig\u00e9nybe! Amennyiben \u00d6n nem rendelkezik rendezett t\u00e1rsadalombiztos\u00edt\u00e1ssal, abban az esetben a szakrendel\u00e9s k\u00f6lts\u00e9geket von maga ut\u00e1n, melynek m\u00e9rt\u00e9k\u00e9r\u0151l a szakrendel\u00e9sen \u00e9rdekl\u0151dhet!<\/em><\/p>\n<\/div><\/div>\r\n\r\n<div class=\"wm-item wm-item-wrap\"><h3 class=\"wm-item-title\" data-tags=\"\" data-tag-names=\"\">Neurol\u00f3gia<\/h3><div class=\"wm-item-content clearfix Neurolgia\"><h3><strong>JELENLEG INAKT\u00cdV SZAKRENDEL\u00c9S<\/strong><\/h3>\n<p>Id\u0151pontfoglal\u00e1s nem lehets\u00e9ges!<\/p>\n<table>\n<thead>\n<tr>\n<td width=\"50%\">\n<h3><strong>Dr. Szegi T\u00edmea<\/strong><\/h3>\n<table>\n<tbody>\n<tr>\n<td>H\u00c9TF\u0150<\/td>\n<td>09:00-13:00<\/td>\n<\/tr>\n<tr>\n<td>KEDD<\/td>\n<td>Sz\u00fcnetel<\/td>\n<\/tr>\n<tr>\n<td>SZERDA<\/td>\n<td>Sz\u00fcnetel<\/td>\n<\/tr>\n<tr>\n<td>CS\u00dcT\u00d6RT\u00d6K<\/td>\n<td>Sz\u00fcnetel<\/td>\n<\/tr>\n<tr>\n<td>P\u00c9NTEK<\/td>\n<td>09:00-13:00<\/td>\n<\/tr>\n<tr>\n<td>SZOMBAT<\/td>\n<td>Z\u00c1RVA<\/td>\n<\/tr>\n<tr>\n<td>VAS\u00c1RNAP<\/td>\n<td>Z\u00c1RVA<\/td>\n<\/tr>\n<\/tbody>\n<\/table>\n<\/td>\n<td>\n<h3><strong>Dr. Jeremi\u00e1s Attila<\/strong><\/h3>\n<table>\n<tbody>\n<tr>\n<td>H\u00c9TF\u0150<\/td>\n<td>Sz\u00fcnetel<\/td>\n<\/tr>\n<tr>\n<td>KEDD<\/td>\n<td>Sz\u00fcnetel<\/td>\n<\/tr>\n<tr>\n<td>SZERDA<\/td>\n<td>10:00-13:00<\/td>\n<\/tr>\n<tr>\n<td>CS\u00dcT\u00d6RT\u00d6K<\/td>\n<td>Sz\u00fcnetel<\/td>\n<\/tr>\n<tr>\n<td>P\u00c9NTEK<\/td>\n<td>Sz\u00fcnetel<\/td>\n<\/tr>\n<tr>\n<td>SZOMBAT<\/td>\n<td>Z\u00c1RVA<\/td>\n<\/tr>\n<tr>\n<td>VAS\u00c1RNAP<\/td>\n<td>Z\u00c1RVA<\/td>\n<\/tr>\n<\/tbody>\n<\/table>\n<\/td>\n<\/tr>\n<\/thead>\n<\/table>\n<p><em>Figyelem!<\/em><br \/><em>A szakrendel\u00e9s, rendezett t\u00e1rsadalombiztos\u00edt\u00e1si d\u00edj ellen\u00e9ben t\u00e9r\u00edt\u00e9smentesen vehet\u0151 ig\u00e9nybe! Amennyiben \u00d6n nem rendelkezik rendezett t\u00e1rsadalombiztos\u00edt\u00e1ssal, abban az esetben a szakrendel\u00e9s k\u00f6lts\u00e9geket von maga ut\u00e1n, melynek m\u00e9rt\u00e9k\u00e9r\u0151l a szakrendel\u00e9sen \u00e9rdekl\u0151dhet!<\/em><\/p>\n<\/div><\/div>\r\n\r\n<div class=\"wm-item wm-item-wrap\"><h3 class=\"wm-item-title\" data-tags=\"\" data-tag-names=\"\">Pszichi\u00e1tria<\/h3><div class=\"wm-item-content clearfix Pszichitria\"><table>\n<thead>\n<tr>\n<td>\n<h3>\u00a0<\/h3>\n<h3>Dr. R\u00e1cz-Nagy \u00c1gnes<\/h3>\n<p><strong><em>Nem beutal\u00f3k\u00f6teles szakrendel\u00e9s<\/em><\/strong>K\u00e9rj\u00fck, a szakrendel\u00e9sre hozza mag\u00e1val kor\u00e1bbi leleteit!Id\u0151pontfoglal\u00e1s: 06-77\/502-950, 06-77\/502-960<\/td>\n<td>\n<table>\n<tbody>\n<tr>\n<td>H\u00c9TF\u0150<\/td>\n<td>17:00-21:00<\/td>\n<\/tr>\n<tr>\n<td>KEDD<\/td>\n<td>17:00-21:00<\/td>\n<\/tr>\n<tr>\n<td>SZERDA<\/td>\n<td>14:00-20:00<\/td>\n<\/tr>\n<tr>\n<td>CS\u00dcT\u00d6RT\u00d6K<\/td>\n<td>17:00-20:00<\/td>\n<\/tr>\n<tr>\n<td>P\u00c9NTEK<\/td>\n<td>17:00-20:00<\/td>\n<\/tr>\n<tr>\n<td>SZOMBAT<\/td>\n<td>Z\u00c1RVA<\/td>\n<\/tr>\n<tr>\n<td>VAS\u00c1RNAP<\/td>\n<td>Z\u00c1RVA<\/td>\n<\/tr>\n<\/tbody>\n<\/table>\n<\/td>\n<\/tr>\n<\/thead>\n<\/table>\n<p><em>Figyelem!<\/em><br \/><em>A szakrendel\u00e9s, rendezett t\u00e1rsadalombiztos\u00edt\u00e1si d\u00edj ellen\u00e9ben t\u00e9r\u00edt\u00e9smentesen vehet\u0151 ig\u00e9nybe! Amennyiben \u00d6n nem rendelkezik rendezett t\u00e1rsadalombiztos\u00edt\u00e1ssal, abban az esetben a szakrendel\u00e9s k\u00f6lts\u00e9geket von maga ut\u00e1n, melynek m\u00e9rt\u00e9k\u00e9r\u0151l a szakrendel\u00e9sen \u00e9rdekl\u0151dhet!<\/em><\/p>\n<\/div><\/div>\r\n\r\n<div class=\"wm-item wm-item-wrap\"><h3 class=\"wm-item-title\" data-tags=\"\" data-tag-names=\"\">Reumatol\u00f3gia<\/h3><div class=\"wm-item-content clearfix Reumatolgia\"><p><strong><em>Beutal\u00f3k\u00f6teles szakrendel\u00e9s<\/em><\/strong>K\u00e9rj\u00fck, a szakrendel\u00e9sre hozza mag\u00e1val kor\u00e1bbi leleteit!Id\u0151pontfoglal\u00e1s: 06-77\/502-950, 06-77\/502-960<\/p>\n<table>\n<thead>\n<tr>\n<td width=\"50%\">\n<h3><strong>Dr. Tak\u00e1cs Katalin<\/strong><\/h3>\n<table>\n<tbody>\n<tr>\n<td>H\u00c9TF\u0150<\/td>\n<td>16:30-20:00<\/td>\n<\/tr>\n<tr>\n<td>KEDD<\/td>\n<td>16:30-20:00<\/td>\n<\/tr>\n<tr>\n<td>SZERDA<\/td>\n<td>16:30-20:30<\/td>\n<\/tr>\n<tr>\n<td>CS\u00dcT\u00d6RT\u00d6K<\/td>\n<td>Sz\u00fcnetel<\/td>\n<\/tr>\n<tr>\n<td>P\u00c9NTEK<\/td>\n<td>Sz\u00fcnetel<\/td>\n<\/tr>\n<tr>\n<td>SZOMBAT<\/td>\n<td>Z\u00c1RVA<\/td>\n<\/tr>\n<tr>\n<td>VAS\u00c1RNAP<\/td>\n<td>Z\u00c1RVA<\/td>\n<\/tr>\n<\/tbody>\n<\/table>\n<\/td>\n<td>\n<h3><strong>Dr. Jeszenszky Vel\u00e9ria<\/strong><\/h3>\n<table>\n<tbody>\n<tr>\n<td>H\u00c9TF\u0150<\/td>\n<td>16:30-21:30<\/td>\n<\/tr>\n<tr>\n<td>KEDD<\/td>\n<td>16:30-21:30<\/td>\n<\/tr>\n<tr>\n<td>SZERDA<\/td>\n<td>Sz\u00fcnetel<\/td>\n<\/tr>\n<tr>\n<td>CS\u00dcT\u00d6RT\u00d6K<\/td>\n<td>Sz\u00fcnetel<\/td>\n<\/tr>\n<tr>\n<td>P\u00c9NTEK<\/td>\n<td>Sz\u00fcnetel<\/td>\n<\/tr>\n<tr>\n<td>SZOMBAT<\/td>\n<td>Z\u00c1RVA<\/td>\n<\/tr>\n<tr>\n<td>VAS\u00c1RNAP<\/td>\n<td>Z\u00c1RVA<\/td>\n<\/tr>\n<\/tbody>\n<\/table>\n<\/td>\n<\/tr>\n<\/thead>\n<\/table>\n<p><em>Figyelem!<\/em><br \/><em>A szakrendel\u00e9s, rendezett t\u00e1rsadalombiztos\u00edt\u00e1si d\u00edj ellen\u00e9ben t\u00e9r\u00edt\u00e9smentesen vehet\u0151 ig\u00e9nybe! Amennyiben \u00d6n nem rendelkezik rendezett t\u00e1rsadalombiztos\u00edt\u00e1ssal, abban az esetben a szakrendel\u00e9s k\u00f6lts\u00e9geket von maga ut\u00e1n, melynek m\u00e9rt\u00e9k\u00e9r\u0151l a szakrendel\u00e9sen \u00e9rdekl\u0151dhet!<\/em><\/p>\n<\/div><\/div>\r\n\r\n<div class=\"wm-item wm-item-wrap\"><h3 class=\"wm-item-title\" data-tags=\"\" data-tag-names=\"\">R\u00f6ntgen diagnosztika<\/h3><div class=\"wm-item-content clearfix Rntgendiagnosztika\"><table>\n<thead>\n<tr>\n<td>\n<h3>\u00a0<\/h3>\n<p><strong><em>Beutal\u00f3k\u00f6teles szakrendel\u00e9s<\/em><\/strong>K\u00e9rj\u00fck, a szakrendel\u00e9sre hozza mag\u00e1val kor\u00e1bbi leleteit!Id\u0151pontfoglal\u00e1s: 06-77\/502-950, 06-77\/502-960<\/td>\n<td>\n<table>\n<tbody>\n<tr>\n<td>H\u00c9TF\u0150<\/td>\n<td>19:00-20:00<\/td>\n<\/tr>\n<tr>\n<td>KEDD<\/td>\n<td>18:00-20:00<\/td>\n<\/tr>\n<tr>\n<td>SZERDA<\/td>\n<td>19:00-20:00<\/td>\n<\/tr>\n<tr>\n<td>CS\u00dcT\u00d6RT\u00d6K<\/td>\n<td>13:00-18:00<\/td>\n<\/tr>\n<tr>\n<td>P\u00c9NTEK<\/td>\n<td>10:00-17:00<\/td>\n<\/tr>\n<tr>\n<td>SZOMBAT<\/td>\n<td>Z\u00c1RVA<\/td>\n<\/tr>\n<tr>\n<td>VAS\u00c1RNAP<\/td>\n<td>Z\u00c1RVA<\/td>\n<\/tr>\n<\/tbody>\n<\/table>\n<\/td>\n<\/tr>\n<\/thead>\n<\/table>\n<p><em>Figyelem!<\/em><br \/><em>A szakrendel\u00e9s, rendezett t\u00e1rsadalombiztos\u00edt\u00e1si d\u00edj ellen\u00e9ben t\u00e9r\u00edt\u00e9smentesen vehet\u0151 ig\u00e9nybe! Amennyiben \u00d6n nem rendelkezik rendezett t\u00e1rsadalombiztos\u00edt\u00e1ssal, abban az esetben a szakrendel\u00e9s k\u00f6lts\u00e9geket von maga ut\u00e1n, melynek m\u00e9rt\u00e9k\u00e9r\u0151l a szakrendel\u00e9sen \u00e9rdekl\u0151dhet!<\/em><\/p>\n<\/div><\/div>\r\n\r\n<div class=\"wm-item wm-item-wrap\"><h3 class=\"wm-item-title\" data-tags=\"\" data-tag-names=\"\">Seb\u00e9szet<\/h3><div class=\"wm-item-content clearfix Sebszet\"><table>\n<thead>\n<tr>\n<td>\n<h3>\u00a0<\/h3>\n<h3><strong>Dr. Papp L\u00e1szl\u00f3<\/strong><\/h3>\n<p><strong><em>Beutal\u00f3k\u00f6teles szakrendel\u00e9s<\/em><\/strong>K\u00e9rj\u00fck, a szakrendel\u00e9sre hozza mag\u00e1val kor\u00e1bbi leleteit!Id\u0151pontfoglal\u00e1s: 06-77\/502-950, 06-77\/502-960<\/td>\n<td>\n<table>\n<tbody>\n<tr>\n<td>H\u00c9TF\u0150<\/td>\n<td>08:00-13:00<\/td>\n<\/tr>\n<tr>\n<td>KEDD<\/td>\n<td>14:00-19:00<\/td>\n<\/tr>\n<tr>\n<td>SZERDA<\/td>\n<td>Sz\u00fcnetel<\/td>\n<\/tr>\n<tr>\n<td>CS\u00dcT\u00d6RT\u00d6K<\/td>\n<td>09:00-14:00<br \/>P\u00e1ros h\u00e9ten:<br \/>14:00-18:00<\/td>\n<\/tr>\n<tr>\n<td>P\u00c9NTEK<\/td>\n<td>Sz\u00fcnetel<\/td>\n<\/tr>\n<tr>\n<td>SZOMBAT<\/td>\n<td>Z\u00c1RVA<\/td>\n<\/tr>\n<tr>\n<td>VAS\u00c1RNAP<\/td>\n<td>Z\u00c1RVA<\/td>\n<\/tr>\n<\/tbody>\n<\/table>\n<\/td>\n<\/tr>\n<\/thead>\n<\/table>\n<p><em>Figyelem!<\/em><br \/><em>A szakrendel\u00e9s, rendezett t\u00e1rsadalombiztos\u00edt\u00e1si d\u00edj ellen\u00e9ben t\u00e9r\u00edt\u00e9smentesen vehet\u0151 ig\u00e9nybe! Amennyiben \u00d6n nem rendelkezik rendezett t\u00e1rsadalombiztos\u00edt\u00e1ssal, abban az esetben a szakrendel\u00e9s k\u00f6lts\u00e9geket von maga ut\u00e1n, melynek m\u00e9rt\u00e9k\u00e9r\u0151l a szakrendel\u00e9sen \u00e9rdekl\u0151dhet!<\/em><\/p>\n<\/div><\/div>\r\n\r\n<div class=\"wm-item wm-item-wrap\"><h3 class=\"wm-item-title\" data-tags=\"\" data-tag-names=\"\">Traumatol\u00f3gia<\/h3><div class=\"wm-item-content clearfix Traumatolgia\"><table>\n<thead>\n<tr>\n<td>\n<h3>\u00a0<\/h3>\n<h3><strong>Dr. Urfi L\u00e1szl\u00f3<\/strong><\/h3>\n<p><strong><em>Beutal\u00f3k\u00f6teles szakrendel\u00e9s<\/em><\/strong>K\u00e9rj\u00fck, a szakrendel\u00e9sre hozza mag\u00e1val kor\u00e1bbi leleteit!Id\u0151pontfoglal\u00e1s: 06-77\/502-950, 06-77\/502-960<\/td>\n<td>\n<table>\n<tbody>\n<tr>\n<td>H\u00c9TF\u0150<\/td>\n<td>16:30-19:30<\/td>\n<\/tr>\n<tr>\n<td>KEDD<\/td>\n<td>Sz\u00fcnetel<\/td>\n<\/tr>\n<tr>\n<td>SZERDA<\/td>\n<td>16:30-20:00<\/td>\n<\/tr>\n<tr>\n<td>CS\u00dcT\u00d6RT\u00d6K<\/td>\n<td>15:00-20:00<\/td>\n<\/tr>\n<tr>\n<td>P\u00c9NTEK<\/td>\n<td>16:30-20:00<\/td>\n<\/tr>\n<tr>\n<td>SZOMBAT<\/td>\n<td>Z\u00c1RVA<\/td>\n<\/tr>\n<tr>\n<td>VAS\u00c1RNAP<\/td>\n<td>Z\u00c1RVA<\/td>\n<\/tr>\n<\/tbody>\n<\/table>\n<\/td>\n<\/tr>\n<\/thead>\n<\/table>\n<p><em>Figyelem!<\/em><br \/><em>A szakrendel\u00e9s, rendezett t\u00e1rsadalombiztos\u00edt\u00e1si d\u00edj ellen\u00e9ben t\u00e9r\u00edt\u00e9smentesen vehet\u0151 ig\u00e9nybe! Amennyiben \u00d6n nem rendelkezik rendezett t\u00e1rsadalombiztos\u00edt\u00e1ssal, abban az esetben a szakrendel\u00e9s k\u00f6lts\u00e9geket von maga ut\u00e1n, melynek m\u00e9rt\u00e9k\u00e9r\u0151l a szakrendel\u00e9sen \u00e9rdekl\u0151dhet!<\/em><\/p>\n<\/div><\/div>\r\n\r\n<div class=\"wm-item wm-item-wrap\"><h3 class=\"wm-item-title\" data-tags=\"\" data-tag-names=\"\">Szem\u00e9szet<\/h3><div class=\"wm-item-content clearfix Szemszet\"><table>\n<thead>\n<tr>\n<td>\n<h3>\u00a0<\/h3>\n<h3><strong>Dr. Jaros Katarina<\/strong><\/h3>\n<p><strong><em>Beutal\u00f3k\u00f6teles szakrendel\u00e9s<\/em><\/strong>K\u00e9rj\u00fck, a szakrendel\u00e9sre hozza mag\u00e1val kor\u00e1bbi leleteit!Id\u0151pontfoglal\u00e1s: 06-77\/502-950, 06-77\/502-960<\/td>\n<td>\n<table>\n<tbody>\n<tr>\n<td>H\u00c9TF\u0150<\/td>\n<td>Sz\u00fcnetel<\/td>\n<\/tr>\n<tr>\n<td>KEDD<\/td>\n<td>08:00-14:00<\/td>\n<\/tr>\n<tr>\n<td>SZERDA<\/td>\n<td>Sz\u00fcnetel<\/td>\n<\/tr>\n<tr>\n<td>CS\u00dcT\u00d6RT\u00d6K<\/td>\n<td>Sz\u00fcnetel<\/td>\n<\/tr>\n<tr>\n<td>P\u00c9NTEK<\/td>\n<td>09:00-13:00<\/td>\n<\/tr>\n<tr>\n<td>SZOMBAT<\/td>\n<td>Z\u00c1RVA<\/td>\n<\/tr>\n<tr>\n<td>VAS\u00c1RNAP<\/td>\n<td>Z\u00c1RVA<\/td>\n<\/tr>\n<\/tbody>\n<\/table>\n<\/td>\n<\/tr>\n<\/thead>\n<\/table>\n<p><em>Figyelem!<\/em><br \/><em>A szakrendel\u00e9s, rendezett t\u00e1rsadalombiztos\u00edt\u00e1si d\u00edj ellen\u00e9ben t\u00e9r\u00edt\u00e9smentesen vehet\u0151 ig\u00e9nybe! Amennyiben \u00d6n nem rendelkezik rendezett t\u00e1rsadalombiztos\u00edt\u00e1ssal, abban az esetben a szakrendel\u00e9s k\u00f6lts\u00e9geket von maga ut\u00e1n, melynek m\u00e9rt\u00e9k\u00e9r\u0151l a szakrendel\u00e9sen \u00e9rdekl\u0151dhet!<\/em><\/p>\n<\/div><\/div>\r\n\r\n<div class=\"wm-item wm-item-wrap\"><h3 class=\"wm-item-title\" data-tags=\"\" data-tag-names=\"\">Sz\u00fcl\u00e9szet-n\u0151gy\u00f3gy\u00e1szat<\/h3><div class=\"wm-item-content clearfix Szlszet-ngygyszat\"><p><strong><em>Beutal\u00f3k\u00f6teles szakrendel\u00e9s<\/em><\/strong>K\u00e9rj\u00fck, a szakrendel\u00e9sre hozza mag\u00e1val kor\u00e1bbi leleteit!Id\u0151pontfoglal\u00e1s: 06-77\/502-950, 06-77\/502-960<\/p>\n<table>\n<thead>\n<tr>\n<td width=\"50%\">\n<h3><strong>Dr. Kellner Barnab\u00e1s<\/strong><\/h3>\n<table>\n<tbody>\n<tr>\n<td>H\u00c9TF\u0150<\/td>\n<td>Sz\u00fcnetel<\/td>\n<\/tr>\n<tr>\n<td>KEDD<\/td>\n<td>08:00-12:00<\/td>\n<\/tr>\n<tr>\n<td>SZERDA<\/td>\n<td>13:00-17:00<\/td>\n<\/tr>\n<tr>\n<td>CS\u00dcT\u00d6RT\u00d6K<\/td>\n<td>Sz\u00fcnetel<\/td>\n<\/tr>\n<tr>\n<td>P\u00c9NTEK<\/td>\n<td>Sz\u00fcnetel<\/td>\n<\/tr>\n<tr>\n<td>SZOMBAT<\/td>\n<td>Z\u00c1RVA<\/td>\n<\/tr>\n<tr>\n<td>VAS\u00c1RNAP<\/td>\n<td>Z\u00c1RVA<\/td>\n<\/tr>\n<\/tbody>\n<\/table>\n<\/td>\n<td>\n<h3><strong>Dr. Kazacsay L\u00e1szl\u00f3<\/strong><\/h3>\n<table>\n<tbody>\n<tr>\n<td>H\u00c9TF\u0150<\/td>\n<td>10:00-14:00<\/td>\n<\/tr>\n<tr>\n<td>KEDD<\/td>\n<td>07:00-13:00<\/td>\n<\/tr>\n<tr>\n<td>SZERDA<\/td>\n<td>17:00-20:00<\/td>\n<\/tr>\n<tr>\n<td>CS\u00dcT\u00d6RT\u00d6K<\/td>\n<td>11:00-16:00<\/td>\n<\/tr>\n<tr>\n<td>P\u00c9NTEK<\/td>\n<td>11:00-16:00<\/td>\n<\/tr>\n<tr>\n<td>SZOMBAT<\/td>\n<td>Z\u00c1RVA<\/td>\n<\/tr>\n<tr>\n<td>VAS\u00c1RNAP<\/td>\n<td>Z\u00c1RVA<\/td>\n<\/tr>\n<\/tbody>\n<\/table>\n<\/td>\n<\/tr>\n<\/thead>\n<\/table>\n<p><em>Figyelem!<\/em><br \/><em>A szakrendel\u00e9s, rendezett t\u00e1rsadalombiztos\u00edt\u00e1si d\u00edj ellen\u00e9ben t\u00e9r\u00edt\u00e9smentesen vehet\u0151 ig\u00e9nybe! Amennyiben \u00d6n nem rendelkezik rendezett t\u00e1rsadalombiztos\u00edt\u00e1ssal, abban az esetben a szakrendel\u00e9s k\u00f6lts\u00e9geket von maga ut\u00e1n, melynek m\u00e9rt\u00e9k\u00e9r\u0151l a szakrendel\u00e9sen \u00e9rdekl\u0151dhet!<\/em><\/p>\n<\/div><\/div>\r\n\r\n<div class=\"wm-item wm-item-wrap\"><h3 class=\"wm-item-title\" data-tags=\"\" data-tag-names=\"\">Ultrahang diagnosztika<\/h3><div class=\"wm-item-content clearfix Ultrahangdiagnosztika\"><table>\n<thead>\n<tr>\n<td>\n<h3>\u00a0<\/h3>\n<h3><strong>Dr. Kasza Attila<\/strong><\/h3>\n<p><strong><em>Beutal\u00f3k\u00f6teles szakrendel\u00e9s<\/em><\/strong>K\u00e9rj\u00fck, a szakrendel\u00e9sre hozza mag\u00e1val kor\u00e1bbi leleteit!Id\u0151pontfoglal\u00e1s: 06-77\/502-950, 06-77\/502-960<\/td>\n<td>\n<table>\n<tbody>\n<tr>\n<td>H\u00c9TF\u0150<\/td>\n<td>16:00-19:00<\/td>\n<\/tr>\n<tr>\n<td>KEDD<\/td>\n<td>16:00-18:00<\/td>\n<\/tr>\n<tr>\n<td>SZERDA<\/td>\n<td>16:00-19:00<\/td>\n<\/tr>\n<tr>\n<td>CS\u00dcT\u00d6RT\u00d6K<\/td>\n<td>08:00-13:00<\/td>\n<\/tr>\n<tr>\n<td>P\u00c9NTEK<\/td>\n<td>08:00-10:00<\/td>\n<\/tr>\n<tr>\n<td>SZOMBAT<\/td>\n<td>Z\u00c1RVA<\/td>\n<\/tr>\n<tr>\n<td>VAS\u00c1RNAP<\/td>\n<td>Z\u00c1RVA<\/td>\n<\/tr>\n<\/tbody>\n<\/table>\n<\/td>\n<\/tr>\n<\/thead>\n<\/table>\n<p><em>Figyelem!<\/em><br \/><em>A szakrendel\u00e9s, rendezett t\u00e1rsadalombiztos\u00edt\u00e1si d\u00edj ellen\u00e9ben t\u00e9r\u00edt\u00e9smentesen vehet\u0151 ig\u00e9nybe! Amennyiben \u00d6n nem rendelkezik rendezett t\u00e1rsadalombiztos\u00edt\u00e1ssal, abban az esetben a szakrendel\u00e9s k\u00f6lts\u00e9geket von maga ut\u00e1n, melynek m\u00e9rt\u00e9k\u00e9r\u0151l a szakrendel\u00e9sen \u00e9rdekl\u0151dhet!<\/em><\/p>\n<\/div><\/div>\r\n\r\n<div class=\"wm-item wm-item-wrap\"><h3 class=\"wm-item-title\" data-tags=\"\" data-tag-names=\"\">Urol\u00f3gia<\/h3><div class=\"wm-item-content clearfix Urolgia\"><table>\n<thead>\n<tr>\n<td>\n<h3>\u00a0<\/h3>\n<h3><strong>Dr. Ill\u00e9s J\u00e1nos<\/strong><\/h3>\n<p><strong><em>Beutal\u00f3k\u00f6teles szakrendel\u00e9s<\/em><\/strong>K\u00e9rj\u00fck, a szakrendel\u00e9sre hozza mag\u00e1val kor\u00e1bbi leleteit!Id\u0151pontfoglal\u00e1s: 06-77\/502-950, 06-77\/502-960<\/td>\n<td>\n<table>\n<tbody>\n<tr>\n<td>H\u00c9TF\u0150<\/td>\n<td>15:00-20:00<\/td>\n<\/tr>\n<tr>\n<td>KEDD<\/td>\n<td>Sz\u00fcnetel<\/td>\n<\/tr>\n<tr>\n<td>SZERDA<\/td>\n<td>Sz\u00fcnetel<\/td>\n<\/tr>\n<tr>\n<td>CS\u00dcT\u00d6RT\u00d6K<\/td>\n<td>Sz\u00fcnetel<\/td>\n<\/tr>\n<tr>\n<td>P\u00c9NTEK<\/td>\n<td>Sz\u00fcnetel<\/td>\n<\/tr>\n<tr>\n<td>SZOMBAT<\/td>\n<td>Z\u00c1RVA<\/td>\n<\/tr>\n<tr>\n<td>VAS\u00c1RNAP<\/td>\n<td>Z\u00c1RVA<\/td>\n<\/tr>\n<\/tbody>\n<\/table>\n<\/td>\n<\/tr>\n<\/thead>\n<\/table>\n<p><em>Figyelem!<\/em><br \/><em>A szakrendel\u00e9s, rendezett t\u00e1rsadalombiztos\u00edt\u00e1si d\u00edj ellen\u00e9ben t\u00e9r\u00edt\u00e9smentesen vehet\u0151 ig\u00e9nybe! Amennyiben \u00d6n nem rendelkezik rendezett t\u00e1rsadalombiztos\u00edt\u00e1ssal, abban az esetben a szakrendel\u00e9s k\u00f6lts\u00e9geket von maga ut\u00e1n, melynek m\u00e9rt\u00e9k\u00e9r\u0151l a szakrendel\u00e9sen \u00e9rdekl\u0151dhet!<\/em><\/p>\n<\/div><\/div>\r\n\r\n<div class=\"wm-item wm-item-wrap\"><h3 class=\"wm-item-title\" data-tags=\"\" data-tag-names=\"\">Fizio- \u00e9s mozg\u00e1ster\u00e1pia<\/h3><div class=\"wm-item-content clearfix Fizio-smozgsterpia\"><p><strong><em>Beutal\u00f3k\u00f6teles szakrendel\u00e9s<\/em><\/strong>K\u00e9rj\u00fck, a szakrendel\u00e9sre hozza mag\u00e1val kor\u00e1bbi leleteit!Id\u0151pontfoglal\u00e1s: 06-77\/502-950, 06-77\/502-960<\/p>\n<table>\n<thead>\n<tr>\n<td width=\"50%\">\n<h3><strong>D\u00e9lel\u0151tt<\/strong><\/h3>\n<table>\n<tbody>\n<tr>\n<td>H\u00c9TF\u0150<\/td>\n<td>07:00-08:00<\/td>\n<\/tr>\n<tr>\n<td>KEDD<\/td>\n<td>07:00-08:00<\/td>\n<\/tr>\n<tr>\n<td>SZERDA<\/td>\n<td>07:00-08:00<\/td>\n<\/tr>\n<tr>\n<td>CS\u00dcT\u00d6RT\u00d6K<\/td>\n<td>07:00-08:00<\/td>\n<\/tr>\n<tr>\n<td>P\u00c9NTEK<\/td>\n<td>07:00-08:00<\/td>\n<\/tr>\n<tr>\n<td>SZOMBAT<\/td>\n<td>Z\u00c1RVA<\/td>\n<\/tr>\n<tr>\n<td>VAS\u00c1RNAP<\/td>\n<td>Z\u00c1RVA<\/td>\n<\/tr>\n<\/tbody>\n<\/table>\n<\/td>\n<td>\n<h3><strong>D\u00e9lut\u00e1n<\/strong><\/h3>\n<table>\n<tbody>\n<tr>\n<td>H\u00c9TF\u0150<\/td>\n<td>14:00-16:00<\/td>\n<\/tr>\n<tr>\n<td>KEDD<\/td>\n<td>14:00-16:00<\/td>\n<\/tr>\n<tr>\n<td>SZERDA<\/td>\n<td>14:00-16:00<\/td>\n<\/tr>\n<tr>\n<td>CS\u00dcT\u00d6RT\u00d6K<\/td>\n<td>14:00-16:00<\/td>\n<\/tr>\n<tr>\n<td>P\u00c9NTEK<\/td>\n<td>14:00-16:00<\/td>\n<\/tr>\n<tr>\n<td>SZOMBAT<\/td>\n<td>Z\u00c1RVA<\/td>\n<\/tr>\n<tr>\n<td>VAS\u00c1RNAP<\/td>\n<td>Z\u00c1RVA<\/td>\n<\/tr>\n<\/tbody>\n<\/table>\n<\/td>\n<\/tr>\n<\/thead>\n<\/table>\n<p><em>Figyelem!<\/em><br \/><em>A szakrendel\u00e9s, rendezett t\u00e1rsadalombiztos\u00edt\u00e1si d\u00edj ellen\u00e9ben t\u00e9r\u00edt\u00e9smentesen vehet\u0151 ig\u00e9nybe! Amennyiben \u00d6n nem rendelkezik rendezett t\u00e1rsadalombiztos\u00edt\u00e1ssal, abban az esetben a szakrendel\u00e9s k\u00f6lts\u00e9geket von maga ut\u00e1n, melynek m\u00e9rt\u00e9k\u00e9r\u0151l a szakrendel\u00e9sen \u00e9rdekl\u0151dhet!<\/em><\/p>\n<\/div><\/div>\r\n\r\n<div class=\"wm-item wm-item-wrap\"><h3 class=\"wm-item-title\" data-tags=\"\" data-tag-names=\"\">Gy\u00f3gytorna<\/h3><div class=\"wm-item-content clearfix Gygytorna\"><table>\n<thead>\n<tr>\n<td>\n<h3>\u00a0<\/h3>\n<p><strong><em>Beutal\u00f3k\u00f6teles szakrendel\u00e9s<\/em><\/strong>K\u00e9rj\u00fck, a szakrendel\u00e9sre hozza mag\u00e1val kor\u00e1bbi leleteit!Id\u0151pontfoglal\u00e1s: 06-77\/502-950, 06-77\/502-960<\/td>\n<td>\n<table>\n<tbody>\n<tr>\n<td>H\u00c9TF\u0150<\/td>\n<td>08:00-14:00<\/td>\n<\/tr>\n<tr>\n<td>KEDD<\/td>\n<td>08:00-14:00<\/td>\n<\/tr>\n<tr>\n<td>SZERDA<\/td>\n<td>08:00-14:00<\/td>\n<\/tr>\n<tr>\n<td>CS\u00dcT\u00d6RT\u00d6K<\/td>\n<td>08:00-14:00<\/td>\n<\/tr>\n<tr>\n<td>P\u00c9NTEK<\/td>\n<td>08:00-14:00<\/td>\n<\/tr>\n<tr>\n<td>SZOMBAT<\/td>\n<td>Z\u00c1RVA<\/td>\n<\/tr>\n<tr>\n<td>VAS\u00c1RNAP<\/td>\n<td>Z\u00c1RVA<\/td>\n<\/tr>\n<\/tbody>\n<\/table>\n<\/td>\n<\/tr>\n<\/thead>\n<\/table>\n<p><em>Figyelem!<\/em><br \/><em>A szakrendel\u00e9s, rendezett t\u00e1rsadalombiztos\u00edt\u00e1si d\u00edj ellen\u00e9ben t\u00e9r\u00edt\u00e9smentesen vehet\u0151 ig\u00e9nybe! Amennyiben \u00d6n nem rendelkezik rendezett t\u00e1rsadalombiztos\u00edt\u00e1ssal, abban az esetben a szakrendel\u00e9s k\u00f6lts\u00e9geket von maga ut\u00e1n, melynek m\u00e9rt\u00e9k\u00e9r\u0151l a szakrendel\u00e9sen \u00e9rdekl\u0151dhet!<\/em><\/p>\n<\/div><\/div>\r\n\r\n<div class=\"wm-item wm-item-wrap\"><h3 class=\"wm-item-title\" data-tags=\"\" data-tag-names=\"\">Nappali k\u00f3rh\u00e1zi ell\u00e1t\u00e1s<\/h3><div class=\"wm-item-content clearfix Nappalikrhziellts\"><table>\n<thead>\n<tr>\n<td>\n<h3>\u00a0<\/h3>\n<p><strong><em>Nem beutal\u00f3k\u00f6teles szakrendel\u00e9s<\/em><\/strong>K\u00e9rj\u00fck, a szakrendel\u00e9sre hozza mag\u00e1val kor\u00e1bbi leleteit!Id\u0151pontfoglal\u00e1s: 06-77\/502-950, 06-77\/502-960<\/td>\n<td>\n<table>\n<tbody>\n<tr>\n<td>H\u00c9TF\u0150<\/td>\n<td>08:00-21:00<\/td>\n<\/tr>\n<tr>\n<td>KEDD<\/td>\n<td>09:00-13:00 \u00e9s 17:00-21:00<\/td>\n<\/tr>\n<tr>\n<td>SZERDA<\/td>\n<td>09:00-16:00<\/td>\n<\/tr>\n<tr>\n<td>CS\u00dcT\u00d6RT\u00d6K<\/td>\n<td>12:00-17:00<\/td>\n<\/tr>\n<tr>\n<td>P\u00c9NTEK<\/td>\n<td>11:00-14:00<\/td>\n<\/tr>\n<tr>\n<td>SZOMBAT<\/td>\n<td>Z\u00c1RVA<\/td>\n<\/tr>\n<tr>\n<td>VAS\u00c1RNAP<\/td>\n<td>Z\u00c1RVA<\/td>\n<\/tr>\n<\/tbody>\n<\/table>\n<\/td>\n<\/tr>\n<\/thead>\n<\/table>\n<p><em>Figyelem!<\/em><br \/><em>A szakrendel\u00e9s, rendezett t\u00e1rsadalombiztos\u00edt\u00e1si d\u00edj ellen\u00e9ben t\u00e9r\u00edt\u00e9smentesen vehet\u0151 ig\u00e9nybe! Amennyiben \u00d6n nem rendelkezik rendezett t\u00e1rsadalombiztos\u00edt\u00e1ssal, abban az esetben a szakrendel\u00e9s k\u00f6lts\u00e9geket von maga ut\u00e1n, melynek m\u00e9rt\u00e9k\u00e9r\u0151l a szakrendel\u00e9sen \u00e9rdekl\u0151dhet!<\/em>2011. okt\u00f3ber 1-t\u0151l a J\u00e1noshalmi Kist\u00e9rs\u00e9gi Eg\u00e9szs\u00e9g\u00fcgyi K\u00f6zpont szolg\u00e1ltat\u00e1sai kieg\u00e9sz\u00fcltek a nappali &#8211; k\u00faraszer\u0171 inf\u00fazi\u00f3s &#8211; ell\u00e1t\u00e1s szolg\u00e1ltat\u00e1ssal. A szolg\u00e1ltat\u00e1s keret\u00e9ben a szakrendel\u0151 szakk\u00e9pzett orvosai \u00e9s \u00e1pol\u00f3i ingyenes k\u00f3rh\u00e1zi bent fekv\u00e9st kiv\u00e1lt\u00f3 inf\u00fazi\u00f3s ter\u00e1pi\u00e1s szakir\u00e1ny\u00fa szolg\u00e1ltat\u00e1st ny\u00fajtanak.A nappali ell\u00e1t\u00e1s szolg\u00e1ltat\u00e1s feladatk\u00f6r\u00e9be tartoznak:<\/p>\n<ul>\n<li>intrav\u00e9n\u00e1s inf\u00fazi\u00f3:\n<ul>\n<li>belgy\u00f3gy\u00e1szati,<\/li>\n<li>endokrinol\u00f3giai,<\/li>\n<li>reumatol\u00f3giai,<\/li>\n<li>neurol\u00f3giai<\/li>\n<\/ul>\n<\/li>\n<\/ul>\n<p>A szakrendel\u0151 munkat\u00e1rsai kellemes, bar\u00e1ts\u00e1gos k\u00f6rnyezetben, parkra n\u00e9z\u0151 ablakokkal, j\u00f3l felszerelt k\u00f3rteremben v\u00e1rj\u00e1k a betegeket.A nappali ell\u00e1t\u00e1s ig\u00e9nybev\u00e9tele szakorvosi elrendel\u00e9s alapj\u00e1n t\u00f6rt\u00e9nik.Amennyiben az el\u0151bbiekben felsorolt ingyenes szolg\u00e1ltat\u00e1sra \u00d6nn\u00e9l vagy a k\u00f6rnyezet\u00e9ben \u00e9l\u0151kn\u00e9l ig\u00e9ny mer\u00fclne fel, b\u0151vebb felvil\u00e1gos\u00edt\u00e1st kaphat a Szakrendel\u0151ben vagy az al\u00e1bbi telefonsz\u00e1mon: 06 77 502 950, 06 77 502\u00a0951<\/p>\n<\/div><\/div>\r\n<\/div>\n","protected":false},"excerpt":{"rendered":"<div class=\"entry-summary\">\n<div class=\"link-more\"><a href=\"https:\/\/janoshalma-rendelo.hu\/?page_id=1965\" class=\"more-link\">Continue reading<span class=\"screen-reader-text\"> &ldquo;Szakrendel\u00e9sek&rdquo;<\/span>&hellip;<\/a><\/div>\n<\/div>\n<div class=\"link-more\"><a href=\"https:\/\/janoshalma-rendelo.hu\/?page_id=1965\" class=\"more-link\">Continue reading<span class=\"screen-reader-text\"> &ldquo;Szakrendel\u00e9sek&rdquo;<\/span>&hellip;<\/a><\/div>\n","protected":false},"author":1,"featured_media":0,"parent":0,"menu_order":0,"comment_status":"closed","ping_status":"closed","template":"","meta":{"footnotes":""},"class_list":["post-1965","page","type-page","status-publish","hentry","entry"],"_links":{"self":[{"href":"https:\/\/janoshalma-rendelo.hu\/index.php?rest_route=\/wp\/v2\/pages\/1965","targetHints":{"allow":["GET"]}}],"collection":[{"href":"https:\/\/janoshalma-rendelo.hu\/index.php?rest_route=\/wp\/v2\/pages"}],"about":[{"href":"https:\/\/janoshalma-rendelo.hu\/index.php?rest_route=\/wp\/v2\/types\/page"}],"author":[{"embeddable":true,"href":"https:\/\/janoshalma-rendelo.hu\/index.php?rest_route=\/wp\/v2\/users\/1"}],"replies":[{"embeddable":true,"href":"https:\/\/janoshalma-rendelo.hu\/index.php?rest_route=%2Fwp%2Fv2%2Fcomments&post=1965"}],"version-history":[{"count":9,"href":"https:\/\/janoshalma-rendelo.hu\/index.php?rest_route=\/wp\/v2\/pages\/1965\/revisions"}],"predecessor-version":[{"id":2003,"href":"https:\/\/janoshalma-rendelo.hu\/index.php?rest_route=\/wp\/v2\/pages\/1965\/revisions\/2003"}],"wp:attachment":[{"href":"https:\/\/janoshalma-rendelo.hu\/index.php?rest_route=%2Fwp%2Fv2%2Fmedia&parent=1965"}],"curies":[{"name":"wp","href":"https:\/\/api.w.org\/{rel}","templated":true}]}}